{"id":232,"date":"2024-10-29T14:26:22","date_gmt":"2024-10-29T14:26:22","guid":{"rendered":"https:\/\/acessplus.com.br\/?page_id=232"},"modified":"2024-10-29T14:32:56","modified_gmt":"2024-10-29T14:32:56","slug":"elevadores-residenciais-unifamiliares-ou-de-uso-por-pessoas-com-mobilidade-reduzida","status":"publish","type":"page","link":"https:\/\/acessplus.com.br\/index.php\/elevadores-residenciais-unifamiliares-ou-de-uso-por-pessoas-com-mobilidade-reduzida\/","title":{"rendered":"Elevadores Residenciais Unifamiliares ou de Uso por Pessoas com Mobilidade Reduzida"},"content":{"rendered":"\n<p>O Elevador Residencial ou de uso por pessoas com mobilidade reduzida \u00e9 projetado para atender a pessoas em edifica\u00e7\u00f5es residenciais unifamiliares, melhorando o conforto na habita\u00e7\u00e3o e proporcionando uma previs\u00e3o para eventual necessidade futura, tem fun\u00e7\u00e3o social ao prover acesso a pessoas com mobilidade reduzida, pessoas idosas, doentes ou com dificuldade de locomo\u00e7\u00e3o permanente ou tempor\u00e1ria, eliminando a limita\u00e7\u00e3o de acesso aos espa\u00e7os f\u00edsicos e provendo integra\u00e7\u00e3o com a comunidade.<\/p>\n\n\n\n<p>Nos casos de utiliza\u00e7\u00e3o por pessoas com mobilidade reduzida, a largura m\u00ednima da cabina deve ser de 0,90m e a profundidade m\u00ednima de 1,20m, compat\u00edvel com o MR \u2013 M\u00f3dulo de Refer\u00eancia da ABNT NBR 9050.<\/p>\n\n\n\n<p>O elevador com cabina com dimens\u00f5es m\u00ednimas que atendem ao MR \u2013 M\u00f3dulo de Refer\u00eancia da ABNT NBR 9050 pode ser utilizado para atendimento \u00e0 pessoas com mobilidade reduzida em edifica\u00e7\u00f5es em geral, desde que n\u00e3o seja utilizado para atendimento ao c\u00e1lculo de tr\u00e1fego. Vale salientar que podem haver legisla\u00e7\u00f5es municipais que estabelecem crit\u00e9rios diferentes, ou at\u00e9 mesmo interpreta\u00e7\u00f5es distintas das normas por parte dos fiscais municipais, sendo assim recomendamos que antes da aprova\u00e7\u00e3o do projeto arquitet\u00f4nico e compra do elevador, sempre sejam consultados previamente os \u00f3rg\u00e3os municipais competentes afim de evitar problemas no momento de solicitar o Habite-se ou outras licen\u00e7as municipais.<\/p>\n\n\n\n<p>Diferentemente de um elevador de passageiros para transporte de pessoas em geral, o elevador Residencial ou de uso por pessoas com mobilidade reduzida \u00e9 projetado com caracter\u00edsticas peculiares que se destinam a ocupar menor espa\u00e7o horizontal e vertical, viabilizar a instala\u00e7\u00e3o em edifica\u00e7\u00f5es existentes, reduzir o custo total envolvido na sua implanta\u00e7\u00e3o e requerer pouca pot\u00eancia instalada sendo energeticamente econ\u00f4mico. Com o prop\u00f3sito de preservar a seguran\u00e7a, a norma ABNT NBR 12892:2022 imp\u00f5e requisitos de desempenho no sentido de eliminar ou minimizar riscos para o uso peculiar a que se destina. O percurso \u00e9 limitado a no m\u00e1ximo 12 metros, a velocidade m\u00e1xima permitida \u00e9 de 21 metros por minuto (0,35m\/s), a capacidade m\u00e1xima \u00e9 de 8 passageiros ou 600Kg, a \u00e1rea da cabina \u00e9 de no m\u00e1ximo 1,54m\u00b2, entre outras grandezas que s\u00e3o objeto de restri\u00e7\u00e3o.<\/p>\n\n\n\n<p>No momento de escolher o equipamento para a sua obra, al\u00e9m das especifica\u00e7\u00f5es previstas pela norma tamb\u00e9m \u00e9 importante observar e entender as caracter\u00edsticas do local e a finalidade de uso. Conte com o apoio da Ortobras Elevadores para especificar o equipamento adequado para a sua aplica\u00e7\u00e3o.<\/p>\n\n\n\n<p>Ao optar pelos elevadores Ortobras, voc\u00ea n\u00e3o est\u00e1 apenas fazendo um investimento em acessibilidade, mas tamb\u00e9m promovendo a inclus\u00e3o e elevando o padr\u00e3o de design sua casa. Vamos juntos criar um ambiente onde todos possam se sentir confort\u00e1veis e acolhidos.<\/p>\n\n\n\n<p>Refer\u00eancias: ABNT NBR 12892:2022<\/p>\n","protected":false},"excerpt":{"rendered":"<p>O Elevador Residencial ou de uso por pessoas com mobilidade reduzida \u00e9 projetado para atender a pessoas em edifica\u00e7\u00f5es residenciais unifamiliares, melhorando o conforto na habita\u00e7\u00e3o e proporcionando uma previs\u00e3o para eventual necessidade futura, tem fun\u00e7\u00e3o social ao prover acesso a pessoas com mobilidade reduzida, pessoas idosas, doentes ou com dificuldade de locomo\u00e7\u00e3o permanente ou [&hellip;]<\/p>\n","protected":false},"author":1,"featured_media":239,"parent":0,"menu_order":0,"comment_status":"closed","ping_status":"closed","template":"","meta":{"_exactmetrics_skip_tracking":false,"_exactmetrics_sitenote_active":false,"_exactmetrics_sitenote_note":"","_exactmetrics_sitenote_category":0},"acf":[],"yoast_head":"<!-- This site is optimized with the Yoast SEO plugin v20.11 - https:\/\/yoast.com\/wordpress\/plugins\/seo\/ -->\n<title>Elevadores Residenciais Unifamiliares ou de Uso por Pessoas com Mobilidade Reduzida - AcessPlus Elevadores - Parnamirim - RN<\/title>\n<meta name=\"robots\" content=\"index, follow, max-snippet:-1, max-image-preview:large, max-video-preview:-1\" \/>\n<link rel=\"canonical\" href=\"https:\/\/acessplus.com.br\/index.php\/elevadores-residenciais-unifamiliares-ou-de-uso-por-pessoas-com-mobilidade-reduzida\/\" \/>\n<meta property=\"og:locale\" content=\"pt_BR\" \/>\n<meta property=\"og:type\" content=\"article\" \/>\n<meta property=\"og:title\" content=\"Elevadores Residenciais Unifamiliares ou de Uso por Pessoas com Mobilidade Reduzida - AcessPlus Elevadores - Parnamirim - RN\" \/>\n<meta property=\"og:description\" content=\"O Elevador Residencial ou de uso por pessoas com mobilidade reduzida \u00e9 projetado para atender a pessoas em edifica\u00e7\u00f5es residenciais unifamiliares, melhorando o conforto na habita\u00e7\u00e3o e proporcionando uma previs\u00e3o para eventual necessidade futura, tem fun\u00e7\u00e3o social ao prover acesso a pessoas com mobilidade reduzida, pessoas idosas, doentes ou com dificuldade de locomo\u00e7\u00e3o permanente ou [&hellip;]\" \/>\n<meta property=\"og:url\" content=\"https:\/\/acessplus.com.br\/index.php\/elevadores-residenciais-unifamiliares-ou-de-uso-por-pessoas-com-mobilidade-reduzida\/\" \/>\n<meta property=\"og:site_name\" content=\"AcessPlus Elevadores - Parnamirim - RN\" \/>\n<meta property=\"article:modified_time\" content=\"2024-10-29T14:32:56+00:00\" \/>\n<meta property=\"og:image\" content=\"https:\/\/acessplus.com.br\/wp-content\/uploads\/2024\/10\/fa74c9_4c139c9a13794e2f809d4eb039a7267cmv2.webp\" \/>\n\t<meta property=\"og:image:width\" content=\"1129\" \/>\n\t<meta property=\"og:image:height\" content=\"1598\" \/>\n\t<meta property=\"og:image:type\" content=\"image\/webp\" \/>\n<meta name=\"twitter:card\" content=\"summary_large_image\" \/>\n<meta name=\"twitter:label1\" content=\"Est. tempo de leitura\" \/>\n\t<meta name=\"twitter:data1\" content=\"3 minutos\" \/>\n<script type=\"application\/ld+json\" class=\"yoast-schema-graph\">{\"@context\":\"https:\/\/schema.org\",\"@graph\":[{\"@type\":\"WebPage\",\"@id\":\"https:\/\/acessplus.com.br\/index.php\/elevadores-residenciais-unifamiliares-ou-de-uso-por-pessoas-com-mobilidade-reduzida\/\",\"url\":\"https:\/\/acessplus.com.br\/index.php\/elevadores-residenciais-unifamiliares-ou-de-uso-por-pessoas-com-mobilidade-reduzida\/\",\"name\":\"Elevadores Residenciais Unifamiliares ou de Uso por Pessoas com Mobilidade Reduzida - AcessPlus Elevadores - Parnamirim - RN\",\"isPartOf\":{\"@id\":\"https:\/\/acessplus.com.br\/#website\"},\"datePublished\":\"2024-10-29T14:26:22+00:00\",\"dateModified\":\"2024-10-29T14:32:56+00:00\",\"breadcrumb\":{\"@id\":\"https:\/\/acessplus.com.br\/index.php\/elevadores-residenciais-unifamiliares-ou-de-uso-por-pessoas-com-mobilidade-reduzida\/#breadcrumb\"},\"inLanguage\":\"pt-BR\",\"potentialAction\":[{\"@type\":\"ReadAction\",\"target\":[\"https:\/\/acessplus.com.br\/index.php\/elevadores-residenciais-unifamiliares-ou-de-uso-por-pessoas-com-mobilidade-reduzida\/\"]}]},{\"@type\":\"BreadcrumbList\",\"@id\":\"https:\/\/acessplus.com.br\/index.php\/elevadores-residenciais-unifamiliares-ou-de-uso-por-pessoas-com-mobilidade-reduzida\/#breadcrumb\",\"itemListElement\":[{\"@type\":\"ListItem\",\"position\":1,\"name\":\"Home\",\"item\":\"https:\/\/acessplus.com.br\/\"},{\"@type\":\"ListItem\",\"position\":2,\"name\":\"Elevadores Residenciais Unifamiliares ou de Uso por Pessoas com Mobilidade Reduzida\"}]},{\"@type\":\"WebSite\",\"@id\":\"https:\/\/acessplus.com.br\/#website\",\"url\":\"https:\/\/acessplus.com.br\/\",\"name\":\"AcessPlus Elevadores - Parnamirim - RN\",\"description\":\"Elevadores, Plataformas, Cadeiras elevadoras, Manuten\u00e7\u00e3o, Chamados de emerg\u00eancia.\",\"potentialAction\":[{\"@type\":\"SearchAction\",\"target\":{\"@type\":\"EntryPoint\",\"urlTemplate\":\"https:\/\/acessplus.com.br\/?s={search_term_string}\"},\"query-input\":\"required name=search_term_string\"}],\"inLanguage\":\"pt-BR\"}]}<\/script>\n<!-- \/ Yoast SEO plugin. -->","yoast_head_json":{"title":"Elevadores Residenciais Unifamiliares ou de Uso por Pessoas com Mobilidade Reduzida - AcessPlus Elevadores - Parnamirim - RN","robots":{"index":"index","follow":"follow","max-snippet":"max-snippet:-1","max-image-preview":"max-image-preview:large","max-video-preview":"max-video-preview:-1"},"canonical":"https:\/\/acessplus.com.br\/index.php\/elevadores-residenciais-unifamiliares-ou-de-uso-por-pessoas-com-mobilidade-reduzida\/","og_locale":"pt_BR","og_type":"article","og_title":"Elevadores Residenciais Unifamiliares ou de Uso por Pessoas com Mobilidade Reduzida - AcessPlus Elevadores - Parnamirim - RN","og_description":"O Elevador Residencial ou de uso por pessoas com mobilidade reduzida \u00e9 projetado para atender a pessoas em edifica\u00e7\u00f5es residenciais unifamiliares, melhorando o conforto na habita\u00e7\u00e3o e proporcionando uma previs\u00e3o para eventual necessidade futura, tem fun\u00e7\u00e3o social ao prover acesso a pessoas com mobilidade reduzida, pessoas idosas, doentes ou com dificuldade de locomo\u00e7\u00e3o permanente ou [&hellip;]","og_url":"https:\/\/acessplus.com.br\/index.php\/elevadores-residenciais-unifamiliares-ou-de-uso-por-pessoas-com-mobilidade-reduzida\/","og_site_name":"AcessPlus Elevadores - Parnamirim - RN","article_modified_time":"2024-10-29T14:32:56+00:00","og_image":[{"width":1129,"height":1598,"url":"https:\/\/acessplus.com.br\/wp-content\/uploads\/2024\/10\/fa74c9_4c139c9a13794e2f809d4eb039a7267cmv2.webp","type":"image\/webp"}],"twitter_card":"summary_large_image","twitter_misc":{"Est. tempo de leitura":"3 minutos"},"schema":{"@context":"https:\/\/schema.org","@graph":[{"@type":"WebPage","@id":"https:\/\/acessplus.com.br\/index.php\/elevadores-residenciais-unifamiliares-ou-de-uso-por-pessoas-com-mobilidade-reduzida\/","url":"https:\/\/acessplus.com.br\/index.php\/elevadores-residenciais-unifamiliares-ou-de-uso-por-pessoas-com-mobilidade-reduzida\/","name":"Elevadores Residenciais Unifamiliares ou de Uso por Pessoas com Mobilidade Reduzida - AcessPlus Elevadores - Parnamirim - RN","isPartOf":{"@id":"https:\/\/acessplus.com.br\/#website"},"datePublished":"2024-10-29T14:26:22+00:00","dateModified":"2024-10-29T14:32:56+00:00","breadcrumb":{"@id":"https:\/\/acessplus.com.br\/index.php\/elevadores-residenciais-unifamiliares-ou-de-uso-por-pessoas-com-mobilidade-reduzida\/#breadcrumb"},"inLanguage":"pt-BR","potentialAction":[{"@type":"ReadAction","target":["https:\/\/acessplus.com.br\/index.php\/elevadores-residenciais-unifamiliares-ou-de-uso-por-pessoas-com-mobilidade-reduzida\/"]}]},{"@type":"BreadcrumbList","@id":"https:\/\/acessplus.com.br\/index.php\/elevadores-residenciais-unifamiliares-ou-de-uso-por-pessoas-com-mobilidade-reduzida\/#breadcrumb","itemListElement":[{"@type":"ListItem","position":1,"name":"Home","item":"https:\/\/acessplus.com.br\/"},{"@type":"ListItem","position":2,"name":"Elevadores Residenciais Unifamiliares ou de Uso por Pessoas com Mobilidade Reduzida"}]},{"@type":"WebSite","@id":"https:\/\/acessplus.com.br\/#website","url":"https:\/\/acessplus.com.br\/","name":"AcessPlus Elevadores - Parnamirim - RN","description":"Elevadores, Plataformas, Cadeiras elevadoras, Manuten\u00e7\u00e3o, Chamados de emerg\u00eancia.","potentialAction":[{"@type":"SearchAction","target":{"@type":"EntryPoint","urlTemplate":"https:\/\/acessplus.com.br\/?s={search_term_string}"},"query-input":"required name=search_term_string"}],"inLanguage":"pt-BR"}]}},"_links":{"self":[{"href":"https:\/\/acessplus.com.br\/index.php\/wp-json\/wp\/v2\/pages\/232"}],"collection":[{"href":"https:\/\/acessplus.com.br\/index.php\/wp-json\/wp\/v2\/pages"}],"about":[{"href":"https:\/\/acessplus.com.br\/index.php\/wp-json\/wp\/v2\/types\/page"}],"author":[{"embeddable":true,"href":"https:\/\/acessplus.com.br\/index.php\/wp-json\/wp\/v2\/users\/1"}],"replies":[{"embeddable":true,"href":"https:\/\/acessplus.com.br\/index.php\/wp-json\/wp\/v2\/comments?post=232"}],"version-history":[{"count":4,"href":"https:\/\/acessplus.com.br\/index.php\/wp-json\/wp\/v2\/pages\/232\/revisions"}],"predecessor-version":[{"id":240,"href":"https:\/\/acessplus.com.br\/index.php\/wp-json\/wp\/v2\/pages\/232\/revisions\/240"}],"wp:featuredmedia":[{"embeddable":true,"href":"https:\/\/acessplus.com.br\/index.php\/wp-json\/wp\/v2\/media\/239"}],"wp:attachment":[{"href":"https:\/\/acessplus.com.br\/index.php\/wp-json\/wp\/v2\/media?parent=232"}],"curies":[{"name":"wp","href":"https:\/\/api.w.org\/{rel}","templated":true}]}}